{"id":2,"date":"2023-05-23T17:09:07","date_gmt":"2023-05-23T15:09:07","guid":{"rendered":"https:\/\/locations-vs.gildner.dev\/wir-vs-main\/?page_id=2"},"modified":"2024-04-09T15:36:20","modified_gmt":"2024-04-09T13:36:20","slug":"beispiel-seite","status":"publish","type":"page","link":"https:\/\/locations-vs.gildner.dev\/wir-vs-main\/","title":{"rendered":"Startseite"},"content":{"rendered":"<div class=\"wp-bootstrap-blocks-container container mb-0 d-block d-md-none\">\n\t\n<div class=\"wp-bootstrap-blocks-row row pt-3\">\n\t\n\n<div class=\"col-8 col-md-6\">\n\t\t\t\n\n<figure class=\"wp-block-image size-full background-white mobile-logo\"><img loading=\"lazy\" decoding=\"async\" width=\"210\" height=\"56\" src=\"https:\/\/locations-vs.gildner.dev\/wir-vs-main\/wp-content\/uploads\/sites\/3\/2023\/06\/Gruppe-26.png\" alt=\"\" class=\"wp-image-634\" \/><\/figure>\n\n\t<\/div>\n\n<\/div>\n\n<\/div>\n\n\n\n<figure class=\"wp-block-video startseite-video\"><video autoplay loop muted src=\"https:\/\/locations-vs.gildner.dev\/wir-vs-main\/wp-content\/uploads\/sites\/3\/2024\/03\/FLM_Headerclip_WIR_2024_komprimiert.mp4\"><\/video><\/figure>\n\n\n<div class=\"wp-bootstrap-blocks-container container mb-0 move-up\">\n\t\n<div class=\"wp-bootstrap-blocks-row row\">\n\t\n\n<div class=\"col-12 col-lg-8 offset-lg-2\">\n\t\t\t\n\n<div class=\"wp-block-group gap-0 is-content-justification-center is-layout-flex wp-container-core-group-layout-1 wp-block-group-is-layout-flex\"><div class=\"wp-bootstrap-blocks-button\">\n\t<a\n\t\thref=\"https:\/\/locations-vs.gildner.dev\/wir-vs-main\/wirtschaft\/\"\n\t\t\t\t\t\tclass=\"btn btn-primary\"\n\t>\n\t\tWIRTSCHAFT\t<\/a>\n<\/div>\n\n\n<div class=\"wp-bootstrap-blocks-button\">\n\t<a\n\t\thref=\"https:\/\/locations-vs.gildner.dev\/wir-vs-main\/tourismus\/\"\n\t\t\t\t\t\tclass=\"btn mb-0 btn-secondary\"\n\t>\n\t\tTOURISMUS\t<\/a>\n<\/div>\n\n\n<div class=\"wp-bootstrap-blocks-button\">\n\t<a\n\t\thref=\"https:\/\/locations-vs.gildner.dev\/\"\n\t\t\t\t\ttarget=\"_blank\"\n\t\t\t\t\t\t\trel=\"noreferrer noopener\"\n\t\t\t\tclass=\"btn btn-primary\"\n\t>\n\t\tR\u00c4UME\t<\/a>\n<\/div>\n<\/div>\n\n\n\n<div style=\"height:200px\" aria-hidden=\"true\" class=\"wp-block-spacer\"><\/div>\n\n\t<\/div>\n\n<\/div>\n\n<\/div>\n\n\n\n<div id=\"einleitung\" class=\"wp-block-group is-layout-constrained wp-block-group-is-layout-constrained\"><div class=\"wp-bootstrap-blocks-container container mb-0 bg-wasserzeichen\">\n\t\n<div class=\"wp-bootstrap-blocks-row row\">\n\t\n\n<div class=\"col-12 col-lg-5 Rhombus-background offset-lg-1 mb-4\">\n\t\t\t\n\n<h2 class=\"wp-block-heading has-text-align-left\"><mark class=\"has-inline-color has-cyan-color\">WIR <\/mark>F\u00dcR SIE<\/h2>\n\n\t<\/div>\n\n\n\n<div class=\"col-12 col-lg-3 offset-lg-2\">\n\t\t\t\n\n<div style=\"height:200px\" aria-hidden=\"true\" class=\"wp-block-spacer d-none d-lg-block\"><\/div>\n\n\n\n<h3 class=\"wp-block-heading has-text-align-left mb-4 mb-lg-7\">Entdecken, was alles m\u00f6glich ist!<\/h3>\n\n\n\n<p class=\"mb-7\">Die WIR Villingen-Schwenningen GmbH ist Ihr Dienstleister rund um das Thema <mark class=\"has-inline-color has-cyan-color\">Wirtschaft, Tourismus<\/mark> und <mark class=\"has-inline-color has-cyan-color\">R\u00e4ume<\/mark> in Villingen-Schwenningen. Mit langj\u00e4hriger Erfahrung und einem breitgef\u00e4cherten Angebot sind wir Ihr zuverl\u00e4ssiger Ansprechpartner f\u00fcr innovative L\u00f6sungen in diesen Bereichen.<\/p>\n\n\t<\/div>\n\n<\/div>\n\n<\/div>\n<\/div>\n\n\n\n<div style=\"height:198px\" aria-hidden=\"true\" class=\"wp-block-spacer reduce-25\"><\/div>\n\n\n\n<div id=\"bereiche\" class=\"wp-block-group is-layout-constrained wp-block-group-is-layout-constrained\"><div class=\"wp-bootstrap-blocks-container container mb-0\">\n\t\n<div class=\"wp-bootstrap-blocks-row row\">\n\t\n\n<div class=\"col-12 col-md-6 offset-md-1 mb-3 mb-md-0\">\n\t\t\t\n\n<h3 class=\"wp-block-heading mb-md-6 mb-3\">F\u00fcr welchen Bereich interessieren Sie sich?<\/h3>\n\n\n\n<p class=\"content-menu-btn\" style=\"font-style:normal;font-weight:800\"><a href=\"https:\/\/locations-vs.gildner.dev\/wir-vs-main\/wirtschaft\/\">Wirtschaft<\/a><\/p>\n\n\n\n<p class=\"content-menu-btn\" style=\"font-style:normal;font-weight:800\"><a href=\"https:\/\/locations-vs.gildner.dev\/wir-vs-main\/tourismus\/\">Tourismus<\/a><\/p>\n\n\n\n<p class=\"content-menu-btn\" style=\"font-style:normal;font-weight:800\"><a href=\"https:\/\/locations-vs.gildner.dev\/\" target=\"_blank\" rel=\"noreferrer noopener\">R\u00e4ume<\/a><\/p>\n\n\t<\/div>\n\n\n\n<div class=\"col-12 col-md-3 d-flex align-items-end offset-md-1\">\n\t\t\t\n\n<div class=\"wp-block-group is-layout-constrained wp-block-group-is-layout-constrained\">\n<p class=\"mb-7\">Im Bereich <mark class=\"has-inline-color has-cyan-color\">Wirtschaft<\/mark> bieten wir umfassende Dienstleistungen f\u00fcr Unternehmen jeder Gr\u00f6\u00dfe an, von der Beratung bis zur Grundst\u00fccksvermittlung. Das <mark class=\"has-inline-color has-cyan-color\">Citymanagement<\/mark> in Villingen-Schwenningen engagiert sich leidenschaftlich f\u00fcr die Belebung der Innenstadt. Durch gezielte Ma\u00dfnahmen wie F\u00f6rderung des Einzelhandels und Verbesserung der Infrastruktur entsteht eine attraktive und lebendige Stadtmitte.<br><br>Unsere <mark class=\"has-inline-color has-cyan-color\">Tourismus<\/mark>-Information \u00f6ffnet T\u00fcren zu unvergesslichen Erlebnissen in VS. Wir gestalten individuelle Reisepakete f\u00fcr Besucherinnen und Besucher der Stadt, organisieren Themenf\u00fchrungen und sorgen daf\u00fcr, dass Sie die sch\u00f6nsten Orte in VS erleben k\u00f6nnen.<br><br>Als Spezialist f\u00fcr unsere <mark class=\"has-inline-color has-cyan-color\">Hallen <\/mark>und<mark class=\"has-inline-color has-cyan-color\"> Eventlocations<\/mark> schaffen wir den perfekten Rahmen f\u00fcr Ihre Veranstaltungen. Egal ob Tagungen, Messen, Hochzeiten oder Firmenevents \u2013 wir bieten eine vielf\u00e4ltige Auswahl an Locations, die Ihren Anlass zu einem unvergesslichen Erlebnis machen.<\/p>\n<\/div>\n\n\t<\/div>\n\n<\/div>\n\n<\/div>\n<\/div>\n\n\n\n<div style=\"height:300px\" aria-hidden=\"true\" class=\"wp-block-spacer\"><\/div>\n\n\n\r\n<section class=\"rhombus-bilder-tpl\">\r\n    <div class=\"rhombus-div rhombus-bild-1\">\r\n        <img loading=\"lazy\" decoding=\"async\" width=\"1640\" height=\"1640\" src=\"https:\/\/locations-vs.gildner.dev\/wir-vs-main\/wp-content\/uploads\/sites\/3\/2024\/03\/Villingen-Abendstimmung-Raute-gross.png\" class=\"img-fluid rhombus\" alt=\"Villingen Abendstimmung\" srcset=\"https:\/\/locations-vs.gildner.dev\/wir-vs-main\/wp-content\/uploads\/sites\/3\/2024\/03\/Villingen-Abendstimmung-Raute-gross.png 1640w, https:\/\/locations-vs.gildner.dev\/wir-vs-main\/wp-content\/uploads\/sites\/3\/2024\/03\/Villingen-Abendstimmung-Raute-gross-300x300.png 300w, https:\/\/locations-vs.gildner.dev\/wir-vs-main\/wp-content\/uploads\/sites\/3\/2024\/03\/Villingen-Abendstimmung-Raute-gross-1024x1024.png 1024w, https:\/\/locations-vs.gildner.dev\/wir-vs-main\/wp-content\/uploads\/sites\/3\/2024\/03\/Villingen-Abendstimmung-Raute-gross-150x150.png 150w, https:\/\/locations-vs.gildner.dev\/wir-vs-main\/wp-content\/uploads\/sites\/3\/2024\/03\/Villingen-Abendstimmung-Raute-gross-768x768.png 768w, https:\/\/locations-vs.gildner.dev\/wir-vs-main\/wp-content\/uploads\/sites\/3\/2024\/03\/Villingen-Abendstimmung-Raute-gross-1536x1536.png 1536w, https:\/\/locations-vs.gildner.dev\/wir-vs-main\/wp-content\/uploads\/sites\/3\/2024\/03\/Villingen-Abendstimmung-Raute-gross-116x116.png 116w\" sizes=\"(max-width: 1640px) 100vw, 1640px\" \/>    <\/div>\r\n    <div class=\"rhombus-div rhombus-bild-2\">\r\n        <img loading=\"lazy\" decoding=\"async\" width=\"849\" height=\"849\" src=\"https:\/\/locations-vs.gildner.dev\/wir-vs-main\/wp-content\/uploads\/sites\/3\/2024\/03\/Rathaus-Schwenningen-Raute-mittelgross.png\" class=\"img-fluid rhombus\" alt=\"Rathaus Schwenningen\" srcset=\"https:\/\/locations-vs.gildner.dev\/wir-vs-main\/wp-content\/uploads\/sites\/3\/2024\/03\/Rathaus-Schwenningen-Raute-mittelgross.png 849w, https:\/\/locations-vs.gildner.dev\/wir-vs-main\/wp-content\/uploads\/sites\/3\/2024\/03\/Rathaus-Schwenningen-Raute-mittelgross-300x300.png 300w, https:\/\/locations-vs.gildner.dev\/wir-vs-main\/wp-content\/uploads\/sites\/3\/2024\/03\/Rathaus-Schwenningen-Raute-mittelgross-150x150.png 150w, https:\/\/locations-vs.gildner.dev\/wir-vs-main\/wp-content\/uploads\/sites\/3\/2024\/03\/Rathaus-Schwenningen-Raute-mittelgross-768x768.png 768w, https:\/\/locations-vs.gildner.dev\/wir-vs-main\/wp-content\/uploads\/sites\/3\/2024\/03\/Rathaus-Schwenningen-Raute-mittelgross-116x116.png 116w\" sizes=\"(max-width: 849px) 100vw, 849px\" \/>    <\/div>\r\n    <div class=\"rhombus-div rhombus-bild-3\">\r\n        <img loading=\"lazy\" decoding=\"async\" width=\"497\" height=\"497\" src=\"https:\/\/locations-vs.gildner.dev\/wir-vs-main\/wp-content\/uploads\/sites\/3\/2024\/03\/Wandern-Raute-mittelklein.png\" class=\"img-fluid rhombus\" alt=\"Wandern\" srcset=\"https:\/\/locations-vs.gildner.dev\/wir-vs-main\/wp-content\/uploads\/sites\/3\/2024\/03\/Wandern-Raute-mittelklein.png 497w, https:\/\/locations-vs.gildner.dev\/wir-vs-main\/wp-content\/uploads\/sites\/3\/2024\/03\/Wandern-Raute-mittelklein-300x300.png 300w, https:\/\/locations-vs.gildner.dev\/wir-vs-main\/wp-content\/uploads\/sites\/3\/2024\/03\/Wandern-Raute-mittelklein-150x150.png 150w, https:\/\/locations-vs.gildner.dev\/wir-vs-main\/wp-content\/uploads\/sites\/3\/2024\/03\/Wandern-Raute-mittelklein-116x116.png 116w\" sizes=\"(max-width: 497px) 100vw, 497px\" \/>    <\/div>\r\n    <div class=\"rhombus-div rhombus-bild-4\">\r\n        <img loading=\"lazy\" decoding=\"async\" width=\"210\" height=\"210\" src=\"https:\/\/locations-vs.gildner.dev\/wir-vs-main\/wp-content\/uploads\/sites\/3\/2024\/03\/Gewerbegebiet-Salzgrube-Raute-klein.png\" class=\"img-fluid rhombus\" alt=\"Gewerbegebiet Salzgrube\" srcset=\"https:\/\/locations-vs.gildner.dev\/wir-vs-main\/wp-content\/uploads\/sites\/3\/2024\/03\/Gewerbegebiet-Salzgrube-Raute-klein.png 210w, https:\/\/locations-vs.gildner.dev\/wir-vs-main\/wp-content\/uploads\/sites\/3\/2024\/03\/Gewerbegebiet-Salzgrube-Raute-klein-150x150.png 150w, https:\/\/locations-vs.gildner.dev\/wir-vs-main\/wp-content\/uploads\/sites\/3\/2024\/03\/Gewerbegebiet-Salzgrube-Raute-klein-116x116.png 116w\" sizes=\"(max-width: 210px) 100vw, 210px\" \/>    <\/div>\r\n<\/section>\n\n\n<div style=\"height:300px\" aria-hidden=\"true\" class=\"wp-block-spacer\"><\/div>\n\n\n\n<div id=\"fakten\" class=\"wp-block-group is-layout-constrained wp-block-group-is-layout-constrained\"><div class=\"wp-bootstrap-blocks-row row\">\n\t\n\n<div class=\"col-12 col-md-9 background-cyan fakten-container order-2 order-md-1\">\n\t\t\t\n\n<div class=\"wp-block-group is-layout-constrained wp-block-group-is-layout-constrained\">\n<h2 class=\"wp-block-heading bold-headline\">FAKTEN ZUR<br>Doppelstadt<\/h2>\n\n\n\n<div style=\"height:110px\" aria-hidden=\"true\" class=\"wp-block-spacer\"><\/div>\n\n\n<div class=\"wp-bootstrap-blocks-row row gx-5\">\n\t\n\n<div class=\"col-12 col-md-4\">\n\t\t\t\n<h2 class=\"has-white-color\"><span class=\" number-counter-up mb-5\" data-count=\"1\">0<\/span><\/h2>\n\n\n<p class=\"mb-7 mb-md-10\">Die Baden-W\u00fcrttemberg Stadt vereint seit \u00fcber 50 Jahren zwei Gemeinden aus Baden und W\u00fcrttemberg in einer Gemeinde.<\/p>\n\n\t<\/div>\n\n\n\n<div class=\"col-12 col-md-4\">\n\t\t\t\n<h2 class=\"has-white-color\"><span class=\" number-counter-up mb-5\" data-count=\"89\">0<\/span>K<\/h2>\n\n\n<p class=\"mb-7 mb-md-10\">Mit \u00fcber 89.000 Einwohnern ist Villingen-Schwenningen eine gro\u00dfe Kreisstadt im S\u00fcdwesten. <\/p>\n\n\t<\/div>\n\n\n\n<div class=\"col-12 col-md-4\">\n\t\t\t\n<h2 class=\"has-white-color\"><span class=\" number-counter-up mb-5\" data-count=\"366\">0<\/span><\/h2>\n\n\n<p class=\"mb-7 mb-md-10\">Ca. 366 Themen- und Gruppenf\u00fchrungen finden j\u00e4hrlich statt, um B\u00fcrgerinnen und B\u00fcrgern sowie Besuchern die Geschichte von VS zu erz\u00e4hlen.<\/p>\n\n\t<\/div>\n\n<\/div>\n\n\n<div class=\"wp-bootstrap-blocks-row row\">\n\t\n\n<div class=\"col-12 col-md-4\">\n\t\t\t\n<h2 class=\"has-white-color\"><span class=\" number-counter-up mb-5\" data-count=\"3\">0<\/span><\/h2>\n\n\n<p class=\"mb-7 mb-md-10\">Villingen-Schwenningen wird mit seinen 3 Hochschulen auch als Hochschulstadt bezeichnet.<\/p>\n\n\t<\/div>\n\n\n\n<div class=\"col-12 col-md-4\">\n\t\t\t\n<h2 class=\"has-white-color\"><span class=\" number-counter-up mb-5\" data-count=\"4\">0<\/span>k<\/h2>\n\n\n<p class=\"mb-7 mb-md-10\">Im Schwarzwald-Baar-Kreis existieren mehr als 3.754 Betriebe, die zahlreiche Branchen umschlie\u00dfen und Arbeitspl\u00e4tze schaffen.<\/p>\n\n\t<\/div>\n\n\n\n<div class=\"col-12 col-md-4\">\n\t\t\t\n<h2 class=\"has-white-color\"><span class=\" number-counter-up mb-5\" data-count=\"480\">0<\/span><\/h2>\n\n\n<p class=\"mb-7 mb-md-10\">Die zahlreichen Veranstaltungen, die j\u00e4hrlich in VS stattfinden, sind ein Beleg f\u00fcr die Attraktivit\u00e4t der Doppelstadt.<\/p>\n\n\t<\/div>\n\n<\/div>\n<\/div>\n\n\t<\/div>\n\n\n\n<div class=\"col-12 col-md-3 order-1 order-md-2\">\n\t\t\t\n\n<figure class=\"wp-block-image size-full mb-0 parallax-img fakten-bild\"><img loading=\"lazy\" decoding=\"async\" width=\"553\" height=\"1250\" src=\"https:\/\/locations-vs.gildner.dev\/wir-vs-main\/wp-content\/uploads\/sites\/3\/2024\/02\/WIR_Website_Fakten_zur_Stadt553x1250px_Muenster.png\" alt=\"M\u00fcnster Villingen - Copyright by Joanna Haag\" class=\"wp-image-2259\" srcset=\"https:\/\/locations-vs.gildner.dev\/wir-vs-main\/wp-content\/uploads\/sites\/3\/2024\/02\/WIR_Website_Fakten_zur_Stadt553x1250px_Muenster.png 553w, https:\/\/locations-vs.gildner.dev\/wir-vs-main\/wp-content\/uploads\/sites\/3\/2024\/02\/WIR_Website_Fakten_zur_Stadt553x1250px_Muenster-133x300.png 133w, https:\/\/locations-vs.gildner.dev\/wir-vs-main\/wp-content\/uploads\/sites\/3\/2024\/02\/WIR_Website_Fakten_zur_Stadt553x1250px_Muenster-453x1024.png 453w, https:\/\/locations-vs.gildner.dev\/wir-vs-main\/wp-content\/uploads\/sites\/3\/2024\/02\/WIR_Website_Fakten_zur_Stadt553x1250px_Muenster-51x116.png 51w\" sizes=\"(max-width: 553px) 100vw, 553px\" \/><figcaption class=\"wp-element-caption\">M\u00fcnster Villingen &#8211; Copyright by Joanna Haag<\/figcaption><\/figure>\n\n\n\n<p>M\u00fcnster Villingen \u00a9Joanna Haag<\/p>\n\n\t<\/div>\n\n<\/div>\n<\/div>\n\n\n\n<div style=\"height:300px\" aria-hidden=\"true\" class=\"wp-block-spacer\"><\/div>\n\n\n\n<div id=\"kalender\" class=\"wp-block-group is-layout-constrained wp-block-group-is-layout-constrained\"><div class=\"wp-bootstrap-blocks-container container mb-0\">\n\t\n<div class=\"wp-bootstrap-blocks-row row\">\n\t\n\n<div class=\"col-12 col-md-6 offset-md-1 mb-3 mb-md-0\">\n\t\t\t\n\n<h3 class=\"wp-block-heading mb-md-6 mb-3\">Veranstaltungskalender<\/h3>\n\n\n\n<h2 class=\"wp-block-heading has-text-align-right\">Events<\/h2>\n\n\t<\/div>\n\n\n\n<div class=\"col-12 col-md-3 d-flex align-items-end offset-md-1\">\n\t\t\t\n\n<div class=\"wp-block-group is-layout-constrained wp-block-group-is-layout-constrained\">\n<p class=\"mb-7\">Entdecken Sie kommende Events. Schauen Sie regelm\u00e4\u00dfig vorbei, um unsere neuesten Veranstaltungshighlights zu entdecken.<\/p>\n\n\n\n<p class=\"template-btn\"><a href=\"https:\/\/locations-vs.gildner.dev\/wir-vs-main\/terminkalender\/\">Zum Terminkalender<\/a><\/p>\n<\/div>\n\n\t<\/div>\n\n<\/div>\n\n<\/div>\n<\/div>\n\n\n\n<div style=\"height:151px\" aria-hidden=\"true\" class=\"wp-block-spacer\"><\/div>\n\n\n\n<div id=\"highlights\" class=\"wp-block-group is-layout-constrained wp-block-group-is-layout-constrained\"><div class=\"wp-bootstrap-blocks-container container mb-0\">\n\t\n<div class=\"wp-bootstrap-blocks-row row\">\n\t\n\n<div class=\"col-12 col-md-6 offset-md-1 mb-3 mb-md-0\">\n\t\t\t\n\n<h3 class=\"wp-block-heading mb-md-6 mb-3\">Highlights 2024<\/h3>\n\n\t<\/div>\n\n\n\n<div class=\"col-12 col-md-3 d-flex align-items-end offset-md-1\">\n\t\t\t\t<\/div>\n\n<\/div>\n\n<\/div>\n\n\n\r\n<section class=\"locations-slider-tpl\">\r\n    <div class=\"container\">\r\n                    <div class=\"locations-slider\">\r\n                <div class=\"splide splide-locations\" id=\"block_dc7bab4787b9c2b4308909359a14e423\">\r\n                    <div class=\"splide__track\">\r\n                        <div class=\"splide__list\">\r\n                                                            <div class=\"splide__slide\">\r\n                                    <div>\r\n                                        <a class=\"location-link d-block\" href=\"http:\/\/www.langetafel-vs.de\" target=\"\">\r\n                                            <span class=\"location-elm-container\">\r\n                                                <span class=\"location-name d-block mb-3\">LANGE TAFEL<\/span>\r\n                                                <span class=\"arrow-container\">\r\n                                                    <img loading=\"lazy\" decoding=\"async\" width=\"528\" height=\"698\" src=\"https:\/\/locations-vs.gildner.dev\/wir-vs-main\/wp-content\/uploads\/sites\/3\/2024\/04\/10.png\" class=\"img-fluid\" alt=\"Lange Tafel\" srcset=\"https:\/\/locations-vs.gildner.dev\/wir-vs-main\/wp-content\/uploads\/sites\/3\/2024\/04\/10.png 528w, https:\/\/locations-vs.gildner.dev\/wir-vs-main\/wp-content\/uploads\/sites\/3\/2024\/04\/10-227x300.png 227w, https:\/\/locations-vs.gildner.dev\/wir-vs-main\/wp-content\/uploads\/sites\/3\/2024\/04\/10-88x116.png 88w\" sizes=\"(max-width: 528px) 100vw, 528px\" \/>                                                <\/span>\r\n                                            <\/span>\r\n                                        <\/a>\r\n                                    <\/div>\r\n                                <\/div>\r\n                                                            <div class=\"splide__slide\">\r\n                                    <div>\r\n                                        <a class=\"location-link d-block\" href=\"https:\/\/www.beachvolleyball-bawue.de\/\" target=\"\">\r\n                                            <span class=\"location-elm-container\">\r\n                                                <span class=\"location-name d-block mb-3\">BA-W\u00fc BEACH TOUR<\/span>\r\n                                                <span class=\"arrow-container\">\r\n                                                    <img loading=\"lazy\" decoding=\"async\" width=\"528\" height=\"698\" src=\"https:\/\/locations-vs.gildner.dev\/wir-vs-main\/wp-content\/uploads\/sites\/3\/2024\/02\/BaWue-Beach-Tour.png\" class=\"img-fluid\" alt=\"BaW\u00fc Beach Tour\" srcset=\"https:\/\/locations-vs.gildner.dev\/wir-vs-main\/wp-content\/uploads\/sites\/3\/2024\/02\/BaWue-Beach-Tour.png 528w, https:\/\/locations-vs.gildner.dev\/wir-vs-main\/wp-content\/uploads\/sites\/3\/2024\/02\/BaWue-Beach-Tour-227x300.png 227w, https:\/\/locations-vs.gildner.dev\/wir-vs-main\/wp-content\/uploads\/sites\/3\/2024\/02\/BaWue-Beach-Tour-88x116.png 88w\" sizes=\"(max-width: 528px) 100vw, 528px\" \/>                                                <\/span>\r\n                                            <\/span>\r\n                                        <\/a>\r\n                                    <\/div>\r\n                                <\/div>\r\n                                                            <div class=\"splide__slide\">\r\n                                    <div>\r\n                                        <a class=\"location-link d-block\" href=\"https:\/\/www.deutschland-tour.com\/de\/home\" target=\"\">\r\n                                            <span class=\"location-elm-container\">\r\n                                                <span class=\"location-name d-block mb-3\">DEUTSCHLAND TOUR 2024<\/span>\r\n                                                <span class=\"arrow-container\">\r\n                                                    <img loading=\"lazy\" decoding=\"async\" width=\"528\" height=\"698\" src=\"https:\/\/locations-vs.gildner.dev\/wir-vs-main\/wp-content\/uploads\/sites\/3\/2024\/02\/Deutschland-Tour.png\" class=\"img-fluid\" alt=\"Deutschland Tour\" srcset=\"https:\/\/locations-vs.gildner.dev\/wir-vs-main\/wp-content\/uploads\/sites\/3\/2024\/02\/Deutschland-Tour.png 528w, https:\/\/locations-vs.gildner.dev\/wir-vs-main\/wp-content\/uploads\/sites\/3\/2024\/02\/Deutschland-Tour-227x300.png 227w, https:\/\/locations-vs.gildner.dev\/wir-vs-main\/wp-content\/uploads\/sites\/3\/2024\/02\/Deutschland-Tour-88x116.png 88w\" sizes=\"(max-width: 528px) 100vw, 528px\" \/>                                                <\/span>\r\n                                            <\/span>\r\n                                        <\/a>\r\n                                    <\/div>\r\n                                <\/div>\r\n                                                            <div class=\"splide__slide\">\r\n                                    <div>\r\n                                        <a class=\"location-link d-block\" href=\"http:\/\/www.stadtstrand-vs.de\" target=\"\">\r\n                                            <span class=\"location-elm-container\">\r\n                                                <span class=\"location-name d-block mb-3\">STADTSTRAND<\/span>\r\n                                                <span class=\"arrow-container\">\r\n                                                    <img loading=\"lazy\" decoding=\"async\" width=\"528\" height=\"698\" src=\"https:\/\/locations-vs.gildner.dev\/wir-vs-main\/wp-content\/uploads\/sites\/3\/2024\/02\/Stadtstrand.png\" class=\"img-fluid\" alt=\"Stadtstrand\" srcset=\"https:\/\/locations-vs.gildner.dev\/wir-vs-main\/wp-content\/uploads\/sites\/3\/2024\/02\/Stadtstrand.png 528w, https:\/\/locations-vs.gildner.dev\/wir-vs-main\/wp-content\/uploads\/sites\/3\/2024\/02\/Stadtstrand-227x300.png 227w, https:\/\/locations-vs.gildner.dev\/wir-vs-main\/wp-content\/uploads\/sites\/3\/2024\/02\/Stadtstrand-88x116.png 88w\" sizes=\"(max-width: 528px) 100vw, 528px\" \/>                                                <\/span>\r\n                                            <\/span>\r\n                                        <\/a>\r\n                                    <\/div>\r\n                                <\/div>\r\n                                                            <div class=\"splide__slide\">\r\n                                    <div>\r\n                                        <a class=\"location-link d-block\" href=\"https:\/\/www.villingen-schwenningen.de\/tourismus-erleben\/vs-erleben\/maerkte-und-messen\/\" target=\"\">\r\n                                            <span class=\"location-elm-container\">\r\n                                                <span class=\"location-name d-block mb-3\">SOMMERLICHER KUNSTHANDWERKERMARKT<\/span>\r\n                                                <span class=\"arrow-container\">\r\n                                                    <img loading=\"lazy\" decoding=\"async\" width=\"528\" height=\"698\" src=\"https:\/\/locations-vs.gildner.dev\/wir-vs-main\/wp-content\/uploads\/sites\/3\/2024\/04\/KHWM.png\" class=\"img-fluid\" alt=\"Kunsthandwerkermarkt Sommer\" srcset=\"https:\/\/locations-vs.gildner.dev\/wir-vs-main\/wp-content\/uploads\/sites\/3\/2024\/04\/KHWM.png 528w, https:\/\/locations-vs.gildner.dev\/wir-vs-main\/wp-content\/uploads\/sites\/3\/2024\/04\/KHWM-227x300.png 227w, https:\/\/locations-vs.gildner.dev\/wir-vs-main\/wp-content\/uploads\/sites\/3\/2024\/04\/KHWM-88x116.png 88w\" sizes=\"(max-width: 528px) 100vw, 528px\" \/>                                                <\/span>\r\n                                            <\/span>\r\n                                        <\/a>\r\n                                    <\/div>\r\n                                <\/div>\r\n                                                            <div class=\"splide__slide\">\r\n                                    <div>\r\n                                        <a class=\"location-link d-block\" href=\"https:\/\/www.villingen-schwenningen.de\/kultur-vielfalt\/festivals-events\/lange-schwenninger-kulturnacht\/\" target=\"\">\r\n                                            <span class=\"location-elm-container\">\r\n                                                <span class=\"location-name d-block mb-3\">LANGE KULTURNACHT SCHWENNINGEN<\/span>\r\n                                                <span class=\"arrow-container\">\r\n                                                    <img loading=\"lazy\" decoding=\"async\" width=\"528\" height=\"698\" src=\"https:\/\/locations-vs.gildner.dev\/wir-vs-main\/wp-content\/uploads\/sites\/3\/2024\/04\/7.png\" class=\"img-fluid\" alt=\"Lange Kulturnacht\" srcset=\"https:\/\/locations-vs.gildner.dev\/wir-vs-main\/wp-content\/uploads\/sites\/3\/2024\/04\/7.png 528w, https:\/\/locations-vs.gildner.dev\/wir-vs-main\/wp-content\/uploads\/sites\/3\/2024\/04\/7-227x300.png 227w, https:\/\/locations-vs.gildner.dev\/wir-vs-main\/wp-content\/uploads\/sites\/3\/2024\/04\/7-88x116.png 88w\" sizes=\"(max-width: 528px) 100vw, 528px\" \/>                                                <\/span>\r\n                                            <\/span>\r\n                                        <\/a>\r\n                                    <\/div>\r\n                                <\/div>\r\n                                                            <div class=\"splide__slide\">\r\n                                    <div>\r\n                                        <a class=\"location-link d-block\" href=\"https:\/\/www.villingen-schwenningen.de\/wirtschaft-investieren\/standort-vs\/popup-stores\/offene-buehnen\/\" target=\"\">\r\n                                            <span class=\"location-elm-container\">\r\n                                                <span class=\"location-name d-block mb-3\">\u00d6FFENE B\u00fcHNEN<\/span>\r\n                                                <span class=\"arrow-container\">\r\n                                                    <img loading=\"lazy\" decoding=\"async\" width=\"528\" height=\"698\" src=\"https:\/\/locations-vs.gildner.dev\/wir-vs-main\/wp-content\/uploads\/sites\/3\/2024\/04\/8.png\" class=\"img-fluid\" alt=\"Offene B\u00fchnen\" srcset=\"https:\/\/locations-vs.gildner.dev\/wir-vs-main\/wp-content\/uploads\/sites\/3\/2024\/04\/8.png 528w, https:\/\/locations-vs.gildner.dev\/wir-vs-main\/wp-content\/uploads\/sites\/3\/2024\/04\/8-227x300.png 227w, https:\/\/locations-vs.gildner.dev\/wir-vs-main\/wp-content\/uploads\/sites\/3\/2024\/04\/8-88x116.png 88w\" sizes=\"(max-width: 528px) 100vw, 528px\" \/>                                                <\/span>\r\n                                            <\/span>\r\n                                        <\/a>\r\n                                    <\/div>\r\n                                <\/div>\r\n                                                            <div class=\"splide__slide\">\r\n                                    <div>\r\n                                        <a class=\"location-link d-block\" href=\"http:\/\/www.weihnachtsmomente-vs.de\" target=\"\">\r\n                                            <span class=\"location-elm-container\">\r\n                                                <span class=\"location-name d-block mb-3\">WEIHNACHTSMOMENTE IN VS<\/span>\r\n                                                <span class=\"arrow-container\">\r\n                                                    <img loading=\"lazy\" decoding=\"async\" width=\"528\" height=\"698\" src=\"https:\/\/locations-vs.gildner.dev\/wir-vs-main\/wp-content\/uploads\/sites\/3\/2024\/04\/9.png\" class=\"img-fluid\" alt=\"Weihnachtsmomente\" srcset=\"https:\/\/locations-vs.gildner.dev\/wir-vs-main\/wp-content\/uploads\/sites\/3\/2024\/04\/9.png 528w, https:\/\/locations-vs.gildner.dev\/wir-vs-main\/wp-content\/uploads\/sites\/3\/2024\/04\/9-227x300.png 227w, https:\/\/locations-vs.gildner.dev\/wir-vs-main\/wp-content\/uploads\/sites\/3\/2024\/04\/9-88x116.png 88w\" sizes=\"(max-width: 528px) 100vw, 528px\" \/>                                                <\/span>\r\n                                            <\/span>\r\n                                        <\/a>\r\n                                    <\/div>\r\n                                <\/div>\r\n                                                    <\/div>\r\n                                                    <div class=\"container position-relative py-lg-5 py-3\">\r\n                                <div class=\"splide__arrows\"><\/div>\r\n                                <div class=\"splide__progress mx-4\">\r\n                                    <div class=\"splide__progress__bar\" data-block-id=\"block_dc7bab4787b9c2b4308909359a14e423\"><\/div>\r\n                                <\/div>\r\n                            <\/div>\r\n                                            <\/div>\r\n                <\/div>\r\n            <\/div>\r\n            <\/div>\r\n<\/section><\/div>\n\n\n\n<div style=\"height:300px\" aria-hidden=\"true\" class=\"wp-block-spacer\"><\/div>\n\n\n\n<section id=\"karriere\" class=\"wp-block-group position-relative is-layout-constrained wp-block-group-is-layout-constrained\"><div class=\"wp-bootstrap-blocks-container container mb-0\">\n\t\n<div class=\"wp-bootstrap-blocks-row row\">\n\t\n\n<div class=\"col-12 col-lg-8 mb-5 mb-lg-0\">\n\t\t\t\n<section class=\"rhombus-bilder-2-tpl rhombus-col\">\r\n    <div class=\"rhombus-div\">\r\n        <img loading=\"lazy\" decoding=\"async\" width=\"1158\" height=\"1158\" src=\"https:\/\/locations-vs.gildner.dev\/wir-vs-main\/wp-content\/uploads\/sites\/3\/2024\/03\/Karriere-Raute-unten-gross.png\" class=\"img-fluid rhombus-bild-1 rhombus\" alt=\"Karriere Raute Unten Gro\u00df\" srcset=\"https:\/\/locations-vs.gildner.dev\/wir-vs-main\/wp-content\/uploads\/sites\/3\/2024\/03\/Karriere-Raute-unten-gross.png 1158w, https:\/\/locations-vs.gildner.dev\/wir-vs-main\/wp-content\/uploads\/sites\/3\/2024\/03\/Karriere-Raute-unten-gross-300x300.png 300w, https:\/\/locations-vs.gildner.dev\/wir-vs-main\/wp-content\/uploads\/sites\/3\/2024\/03\/Karriere-Raute-unten-gross-1024x1024.png 1024w, https:\/\/locations-vs.gildner.dev\/wir-vs-main\/wp-content\/uploads\/sites\/3\/2024\/03\/Karriere-Raute-unten-gross-150x150.png 150w, https:\/\/locations-vs.gildner.dev\/wir-vs-main\/wp-content\/uploads\/sites\/3\/2024\/03\/Karriere-Raute-unten-gross-768x768.png 768w, https:\/\/locations-vs.gildner.dev\/wir-vs-main\/wp-content\/uploads\/sites\/3\/2024\/03\/Karriere-Raute-unten-gross-116x116.png 116w\" sizes=\"(max-width: 1158px) 100vw, 1158px\" \/>    <\/div>\r\n    <div class=\"rhombus-div\">\r\n        <img loading=\"lazy\" decoding=\"async\" width=\"536\" height=\"536\" src=\"https:\/\/locations-vs.gildner.dev\/wir-vs-main\/wp-content\/uploads\/sites\/3\/2024\/03\/Karriere-Raute-unten-klein.png\" class=\"img-fluid rhombus-bild-3 rhombus\" alt=\"Karriere Raute Unten Klein\" srcset=\"https:\/\/locations-vs.gildner.dev\/wir-vs-main\/wp-content\/uploads\/sites\/3\/2024\/03\/Karriere-Raute-unten-klein.png 536w, https:\/\/locations-vs.gildner.dev\/wir-vs-main\/wp-content\/uploads\/sites\/3\/2024\/03\/Karriere-Raute-unten-klein-300x300.png 300w, https:\/\/locations-vs.gildner.dev\/wir-vs-main\/wp-content\/uploads\/sites\/3\/2024\/03\/Karriere-Raute-unten-klein-150x150.png 150w, https:\/\/locations-vs.gildner.dev\/wir-vs-main\/wp-content\/uploads\/sites\/3\/2024\/03\/Karriere-Raute-unten-klein-116x116.png 116w\" sizes=\"(max-width: 536px) 100vw, 536px\" \/>    <\/div>\r\n    <div class=\"rhombus-div\">\r\n        <img loading=\"lazy\" decoding=\"async\" width=\"663\" height=\"663\" src=\"https:\/\/locations-vs.gildner.dev\/wir-vs-main\/wp-content\/uploads\/sites\/3\/2024\/03\/Karriere-Raute-unten-mittel.png\" class=\"img-fluid rhombus-bild-2 rhombus\" alt=\"Karriere Raute Unten Mittel\" srcset=\"https:\/\/locations-vs.gildner.dev\/wir-vs-main\/wp-content\/uploads\/sites\/3\/2024\/03\/Karriere-Raute-unten-mittel.png 663w, https:\/\/locations-vs.gildner.dev\/wir-vs-main\/wp-content\/uploads\/sites\/3\/2024\/03\/Karriere-Raute-unten-mittel-300x300.png 300w, https:\/\/locations-vs.gildner.dev\/wir-vs-main\/wp-content\/uploads\/sites\/3\/2024\/03\/Karriere-Raute-unten-mittel-150x150.png 150w, https:\/\/locations-vs.gildner.dev\/wir-vs-main\/wp-content\/uploads\/sites\/3\/2024\/03\/Karriere-Raute-unten-mittel-116x116.png 116w\" sizes=\"(max-width: 663px) 100vw, 663px\" \/>    <\/div>\r\n<\/section>\n\t<\/div>\n\n\n\n<div class=\"col-12 col-lg-3\">\n\t\t\t<div class=\"h-100 d-flex flex-column justify-content-center\">\n\t\t\t\n\n<h2 class=\"wp-block-heading mb-lg-5 mb-3\">BE PART<br>OF IT!<\/h2>\n\n\n\n<p class=\"mb-7\">Sie haben Lust darauf, gemeinsam mit einem unschlagbaren Team  einmalige Veranstaltungen zu organisieren, die Zukunft der Stadt zu f\u00f6rdern und G\u00e4sten der Stadt den Aufenthalt zu bereichern? Sie behalten auch in stressigen Situationen einen k\u00fchlen Kopf und den Durchblick. Worauf warten Sie noch? Jetzt bewerben!<\/p>\n\n\n\n<p class=\"template-btn\"><a data-type=\"URL\" data-id=\"https:\/\/locations-vs.gildner.dev\/wir-vs-main\/karriere\/\" href=\"https:\/\/locations-vs.gildner.dev\/wir-vs-main\/karriere\/\">Karriere<\/a><\/p>\n\n\t\t<\/div>\n\t<\/div>\n\n<\/div>\n\n<\/div>\n<\/section>\n","protected":false},"excerpt":{"rendered":"","protected":false},"author":1,"featured_media":0,"parent":0,"menu_order":0,"comment_status":"closed","ping_status":"open","template":"","meta":{"_acf_changed":false,"ub_ctt_via":"","footnotes":""},"acf":[],"featured_image_src":null,"_links":{"self":[{"href":"https:\/\/locations-vs.gildner.dev\/wir-vs-main\/wp-json\/wp\/v2\/pages\/2"}],"collection":[{"href":"https:\/\/locations-vs.gildner.dev\/wir-vs-main\/wp-json\/wp\/v2\/pages"}],"about":[{"href":"https:\/\/locations-vs.gildner.dev\/wir-vs-main\/wp-json\/wp\/v2\/types\/page"}],"author":[{"embeddable":true,"href":"https:\/\/locations-vs.gildner.dev\/wir-vs-main\/wp-json\/wp\/v2\/users\/1"}],"replies":[{"embeddable":true,"href":"https:\/\/locations-vs.gildner.dev\/wir-vs-main\/wp-json\/wp\/v2\/comments?post=2"}],"version-history":[{"count":417,"href":"https:\/\/locations-vs.gildner.dev\/wir-vs-main\/wp-json\/wp\/v2\/pages\/2\/revisions"}],"predecessor-version":[{"id":2534,"href":"https:\/\/locations-vs.gildner.dev\/wir-vs-main\/wp-json\/wp\/v2\/pages\/2\/revisions\/2534"}],"wp:attachment":[{"href":"https:\/\/locations-vs.gildner.dev\/wir-vs-main\/wp-json\/wp\/v2\/media?parent=2"}],"curies":[{"name":"wp","href":"https:\/\/api.w.org\/{rel}","templated":true}]}}