{"id":52,"date":"2023-05-31T07:42:25","date_gmt":"2023-05-31T05:42:25","guid":{"rendered":"https:\/\/locations-vs.gildner.dev\/wir-vs-main\/?page_id=52"},"modified":"2024-03-13T10:50:36","modified_gmt":"2024-03-13T09:50:36","slug":"wirtschaft","status":"publish","type":"page","link":"https:\/\/locations-vs.gildner.dev\/wir-vs-main\/wirtschaft\/","title":{"rendered":"Wirtschaft"},"content":{"rendered":"\r\n<section class=\"unterseite-headline-tpl position-relative background-cyan d-flex align-items-center align-items-lg-end\">\r\n        <div class=\"container mb-5 \">\r\n        <div class=\"row\">\r\n            <div class=\"col-10 col-lg-8 h-lg-100 align-self-end position-relative\">\r\n                                    <h1>Wirtschaft <br \/>in VS<\/h1>\r\n                            <\/div>\r\n                    <\/div>\r\n    <\/div>\r\n<\/section>\r\n<div class=\"container headline-shortcode-container position-relative\">\r\n    <div class=\"back-btn-container\">\r\n        <div class=\"back-arrow-btn backbtn-button\"><\/div>\r\n        <div class=\"backbtn-button\">\r\n            <div class=\"zurueck-btn\">ZUR\u00dcCK<\/div>\r\n        <\/div>\r\n    <\/div>\r\n    <div class=\"breadcrumb-div\">\r\n        <ul id=\"breadcrumbs\" class=\"breadcrumbs justify-content-center justify-content-md-start \"><li class=\"item-home\"><a class=\"bread-link bread-home\" href=\"https:\/\/locations-vs.gildner.dev\/wir-vs-main\" title=\"Start\">Start<\/a><\/li><li class=\"separator separator-home\">  <\/li><\/ul>    <\/div>\r\n    <\/div>\n\n<div class=\"wp-bootstrap-blocks-container container mb-0 bg-wasserzeichen\">\n\t\n<div class=\"wp-bootstrap-blocks-row row\">\n\t\n\n<div class=\"col-12 col-md-6 Rhombus-background offset-md-1\">\n\t\t\t\n\n<h2 class=\"wp-block-heading has-text-align-left\"><mark class=\"has-inline-color has-cyan-color\">Wirtschaftsf\u00f6rderung<\/mark> in VS<\/h2>\n\n\t<\/div>\n\n\n\n<div class=\"col-12 col-md-3 offset-md-1\">\n\t\t\t\n\n<h3 class=\"wp-block-heading has-text-align-left\">WIR unterst\u00fctzen Unternehmen bei Ansiedlung, Expansion und Innovation.<\/h3>\n\n\n\n<p>WIR sind Ihr Partner rund um Ihre unternehmerischen Belange.<\/p>\n\n\n\n<p>Wir beraten bei Unternehmenserweiterungen, auf der Suche nach einem neuen Standort, Gewerbegrundst\u00fcck oder Bestandsimmobilie. WIR begleiten Sie gerne bei Genehmigungsverfahren.<\/p>\n\n\n\n<p>Wir sind Ihr Ansprechpartner und Ihr Netzwerk rund um Ihr Unternehmen bei Themen wie Fachkr\u00e4ftegewinnung, F\u00f6rdermittelberatung, Infrastruktur, Standortentwicklung und in vielen weiteren Bereichen.<\/p>\n\n\n\n<p>Ob Handel, Gastronomie, Dienstleistung oder produzierende Betriebe, WIR k\u00fcmmern ums um Ihre Anliegen.<\/p>\n\n\n\n<div style=\"height:120px\" aria-hidden=\"true\" class=\"wp-block-spacer reduce-50\"><\/div>\n\n\n\n<p class=\"template-btn\"><a href=\"#beratung\">Beraten lassen<\/a><\/p>\n\n\n\n<div style=\"height:120px\" aria-hidden=\"true\" class=\"wp-block-spacer reduce-50\"><\/div>\n\n\t<\/div>\n\n<\/div>\n\n<\/div>\n\n\n\n<section id=\"wirtschaftsstandort\" class=\"wp-block-group has-gallery-background-color has-background is-layout-constrained wp-block-group-is-layout-constrained\">\n<div style=\"height:90px\" aria-hidden=\"true\" class=\"wp-block-spacer\"><\/div>\n\n\n<div class=\"wp-bootstrap-blocks-container container mb-0\">\n\t\n<div class=\"wp-bootstrap-blocks-row row justify-content-center\">\n\t\n\n<div class=\"col-12 col-md-5 order-md-1 order-2\">\n\t\t\t<div class=\"h-100 d-flex flex-column justify-content-center\">\n\t\t\t\n\n<div class=\"wp-block-group is-layout-constrained wp-block-group-is-layout-constrained\">\n<h2 class=\"wp-block-heading\" id=\"tagungen\">Wirtschaftsstandort<\/h2>\n\n\n\n<div style=\"height:60px\" aria-hidden=\"true\" class=\"wp-block-spacer reduce-50\"><\/div>\n\n\n\n<div class=\"wp-block-group w-100 w-lg-75 is-layout-constrained wp-block-group-is-layout-constrained\">\n<p>Die Wirtschaftsf\u00f6rderung in Villingen-Schwenningen bietet Unternehmen umfassende Unterst\u00fctzung, um ihre Wirtschaftlichkeit zu steigern und sich weiterzuentwickeln. Unser breit gef\u00e4chertes Serviceangebot richtet sich flexibel nach den individuellen Anforderungen der Unternehmen. Dazu z\u00e4hlen ma\u00dfgeschneiderte Beratungsleistungen, gezielte F\u00f6rderprogramme, informative Seminare sowie inspirierende Veranstaltungen. Wir erleichtern auch den Aufbau gesch\u00e4ftlicher Beziehungen zu Partnern und erm\u00f6glichen den Zugang zu erstklassigen Forschungs- und Entwicklungsinstituten. Mit unserer Wirtschaftsf\u00f6rderung setzen wir auf nachhaltiges Wachstum und langfristigen Erfolg f\u00fcr die Unternehmen in Villingen-Schwenningen.<\/p>\n\n\n\n<div style=\"height:70px\" aria-hidden=\"true\" class=\"wp-block-spacer\"><\/div>\n<\/div>\n\n\n\n<div class=\"wp-block-group flex-column flex-sm-row is-content-justification-left is-nowrap is-layout-flex wp-container-core-group-layout-2 wp-block-group-is-layout-flex\">\n<p class=\"template-btn me-0 me-lg-3\"><a href=\"https:\/\/www.villingen-schwenningen.de\/wirtschaft-investieren\/standort-vs\/wirtschaftsstandort\/\" target=\"_blank\" rel=\"noreferrer noopener\">Weitere Informationen<\/a><\/p>\n<\/div>\n<\/div>\n\n\t\t<\/div>\n\t<\/div>\n\n\n\n<div class=\"col-12 col-md-5 offset-md-1 order-md-2 order-1\">\n\t\t\t\n\n<figure class=\"wp-block-image size-full translate-right\"><img loading=\"lazy\" decoding=\"async\" width=\"677\" height=\"495\" src=\"https:\/\/locations-vs.gildner.dev\/wir-vs-main\/wp-content\/uploads\/sites\/3\/2024\/02\/Wirtschaftsstandort.png\" alt=\"Wirtschaftsstandort\" class=\"wp-image-2298\" srcset=\"https:\/\/locations-vs.gildner.dev\/wir-vs-main\/wp-content\/uploads\/sites\/3\/2024\/02\/Wirtschaftsstandort.png 677w, https:\/\/locations-vs.gildner.dev\/wir-vs-main\/wp-content\/uploads\/sites\/3\/2024\/02\/Wirtschaftsstandort-300x219.png 300w, https:\/\/locations-vs.gildner.dev\/wir-vs-main\/wp-content\/uploads\/sites\/3\/2024\/02\/Wirtschaftsstandort-159x116.png 159w\" sizes=\"(max-width: 677px) 100vw, 677px\" \/><\/figure>\n\n\n\n<div style=\"height:50px\" aria-hidden=\"true\" class=\"wp-block-spacer\"><\/div>\n\n\t<\/div>\n\n<\/div>\n\n<\/div>\n\n\n\n<div style=\"height:90px\" aria-hidden=\"true\" class=\"wp-block-spacer\"><\/div>\n<\/section>\n\n\n\n<section id=\"zukunft-innenstadt\" class=\"wp-block-group is-layout-constrained wp-block-group-is-layout-constrained\">\n<div style=\"height:90px\" aria-hidden=\"true\" class=\"wp-block-spacer\"><\/div>\n\n\n<div class=\"wp-bootstrap-blocks-container container mb-0\">\n\t\n<div class=\"wp-bootstrap-blocks-row row justify-content-center\">\n\t\n\n<div class=\"col-12 col-md-5 order-md-1 order-2\">\n\t\t\t<div class=\"h-100 d-flex flex-column justify-content-center\">\n\t\t\t\n\n<div class=\"wp-block-group is-layout-constrained wp-block-group-is-layout-constrained\">\n<h2 class=\"wp-block-heading\" id=\"kongresse\">Citymanagement<\/h2>\n\n\n\n<div style=\"height:60px\" aria-hidden=\"true\" class=\"wp-block-spacer reduce-50\"><\/div>\n\n\n\n<div class=\"wp-block-group w-100 w-lg-75 is-layout-constrained wp-block-group-is-layout-constrained\">\n<p>Das Citymanagement in Villingen-Schwenningen engagiert sich mit Leidenschaft f\u00fcr die Belebung der Innenst\u00e4dte und dient als Vermittler zwischen den B\u00fcrgern und der Stadtverwaltung. Durch eine Vielzahl von Dienstleistungen und gezielten Bem\u00fchungen tr\u00e4gt das Citymanagement dazu bei, die Attraktivit\u00e4t des Zentrums zu steigern und ein lebendiges Stadtbild zu schaffen. <br>Das integrative Perspektiv-Projekt &#8222;Zukunfts.Labor VS&#8220; strebt im Rahmen des F\u00f6rderprojektes aktiv an, Ver\u00e4nderungsprozesse in den Teilst\u00e4dten des Oberzentrums Villingen-Schwenningen weiter voranzutreiben, insbesondere im Hinblick auf die Wirtschaft. <\/p>\n\n\n\n<div style=\"height:70px\" aria-hidden=\"true\" class=\"wp-block-spacer\"><\/div>\n<\/div>\n\n\n\n<div class=\"wp-block-group flex-column flex-sm-row is-content-justification-left is-nowrap is-layout-flex wp-container-core-group-layout-6 wp-block-group-is-layout-flex\">\n<p class=\"template-btn me-0 me-lg-3\"><a href=\"https:\/\/www.villingen-schwenningen.de\/wirtschaft-investieren\/zukunftsfaehige-innenstaedte\/\" target=\"_blank\" rel=\"noreferrer noopener\">Weitere Informationen<\/a><\/p>\n<\/div>\n<\/div>\n\n\t\t<\/div>\n\t<\/div>\n\n\n\n<div class=\"col-12 col-md-5 offset-md-1 order-md-2 order-1\">\n\t\t\t\n\n<figure class=\"wp-block-image size-full translate-right\"><img loading=\"lazy\" decoding=\"async\" width=\"677\" height=\"495\" src=\"https:\/\/locations-vs.gildner.dev\/wir-vs-main\/wp-content\/uploads\/sites\/3\/2024\/02\/Foerderprogramm.png\" alt=\"F\u00f6rderprogramm\" class=\"wp-image-2300\" srcset=\"https:\/\/locations-vs.gildner.dev\/wir-vs-main\/wp-content\/uploads\/sites\/3\/2024\/02\/Foerderprogramm.png 677w, https:\/\/locations-vs.gildner.dev\/wir-vs-main\/wp-content\/uploads\/sites\/3\/2024\/02\/Foerderprogramm-300x219.png 300w, https:\/\/locations-vs.gildner.dev\/wir-vs-main\/wp-content\/uploads\/sites\/3\/2024\/02\/Foerderprogramm-159x116.png 159w\" sizes=\"(max-width: 677px) 100vw, 677px\" \/><\/figure>\n\n\n\n<div style=\"height:50px\" aria-hidden=\"true\" class=\"wp-block-spacer\"><\/div>\n\n\t<\/div>\n\n<\/div>\n\n<\/div>\n\n\n\n<div style=\"height:90px\" aria-hidden=\"true\" class=\"wp-block-spacer\"><\/div>\n<\/section>\n\n\n\n<section id=\"standortsuche\" class=\"wp-block-group has-gallery-background-color has-background is-layout-constrained wp-block-group-is-layout-constrained\">\n<div style=\"height:90px\" aria-hidden=\"true\" class=\"wp-block-spacer\"><\/div>\n\n\n<div class=\"wp-bootstrap-blocks-container container mb-0\">\n\t\n<div class=\"wp-bootstrap-blocks-row row justify-content-center\">\n\t\n\n<div class=\"col-12 col-md-5 order-md-1 order-2\">\n\t\t\t<div class=\"h-100 d-flex flex-column justify-content-center\">\n\t\t\t\n\n<div class=\"wp-block-group is-layout-constrained wp-block-group-is-layout-constrained\">\n<h2 class=\"wp-block-heading\" id=\"messen\">Investieren und Standort\u00adsuche<\/h2>\n\n\n\n<div style=\"height:60px\" aria-hidden=\"true\" class=\"wp-block-spacer reduce-50\"><\/div>\n\n\n\n<div class=\"wp-block-group w-100 w-lg-75 is-layout-constrained wp-block-group-is-layout-constrained\">\n<p>Villingen-Schwenningen pr\u00e4sentiert sich als idealer Standort f\u00fcr Unternehmen jeder Gr\u00f6\u00dfe. Verl\u00e4sslichkeit, Zuverl\u00e4ssigkeit und Innovationskraft kennzeichnen die Wirtschaftsumgebung. Die Wirtschaftsf\u00f6rderung bietet umfassende Beratung und Unterst\u00fctzung f\u00fcr lokale Unternehmen sowie potenzielle Investoren, die Interesse an einer Ansiedlung haben.<\/p>\n\n\n\n<div style=\"height:70px\" aria-hidden=\"true\" class=\"wp-block-spacer\"><\/div>\n<\/div>\n\n\n\n<div class=\"wp-block-group flex-column flex-sm-row is-content-justification-left is-nowrap is-layout-flex wp-container-core-group-layout-10 wp-block-group-is-layout-flex\">\n<p class=\"template-btn me-0 me-lg-3\"><a href=\"https:\/\/www.villingen-schwenningen.de\/wirtschaft-investieren\/unternehmensservice\/investieren-standortsuche\/\">Weitere Informationen<\/a><\/p>\n<\/div>\n<\/div>\n\n\t\t<\/div>\n\t<\/div>\n\n\n\n<div class=\"col-12 col-md-5 offset-md-1 order-md-2 order-1\">\n\t\t\t\n\n<figure class=\"wp-block-image size-full translate-right\"><img loading=\"lazy\" decoding=\"async\" width=\"677\" height=\"495\" src=\"https:\/\/locations-vs.gildner.dev\/wir-vs-main\/wp-content\/uploads\/sites\/3\/2024\/02\/Hochschule-Forschung.png\" alt=\"Investieren und Standortsuche\" class=\"wp-image-2304\" srcset=\"https:\/\/locations-vs.gildner.dev\/wir-vs-main\/wp-content\/uploads\/sites\/3\/2024\/02\/Hochschule-Forschung.png 677w, https:\/\/locations-vs.gildner.dev\/wir-vs-main\/wp-content\/uploads\/sites\/3\/2024\/02\/Hochschule-Forschung-300x219.png 300w, https:\/\/locations-vs.gildner.dev\/wir-vs-main\/wp-content\/uploads\/sites\/3\/2024\/02\/Hochschule-Forschung-159x116.png 159w\" sizes=\"(max-width: 677px) 100vw, 677px\" \/><\/figure>\n\n\n\n<div style=\"height:50px\" aria-hidden=\"true\" class=\"wp-block-spacer\"><\/div>\n\n\t<\/div>\n\n<\/div>\n\n<\/div>\n\n\n\n<div style=\"height:90px\" aria-hidden=\"true\" class=\"wp-block-spacer\"><\/div>\n<\/section>\n\n\n\n<section id=\"fachkraeftegewinnung\" class=\"wp-block-group is-layout-constrained wp-block-group-is-layout-constrained\">\n<div style=\"height:90px\" aria-hidden=\"true\" class=\"wp-block-spacer\"><\/div>\n\n\n<div class=\"wp-bootstrap-blocks-container container mb-0\">\n\t\n<div class=\"wp-bootstrap-blocks-row row justify-content-center\">\n\t\n\n<div class=\"col-12 col-md-5 order-md-1 order-2\">\n\t\t\t<div class=\"h-100 d-flex flex-column justify-content-center\">\n\t\t\t\n\n<div class=\"wp-block-group is-layout-constrained wp-block-group-is-layout-constrained\">\n<h2 class=\"wp-block-heading\" id=\"feste\">Fachkr\u00e4ftegewinnung<\/h2>\n\n\n\n<div style=\"height:60px\" aria-hidden=\"true\" class=\"wp-block-spacer reduce-50\"><\/div>\n\n\n\n<div class=\"wp-block-group w-100 w-lg-75 is-layout-constrained wp-block-group-is-layout-constrained\">\n<p>Entdecken Sie die M\u00f6glichkeiten der Fachkr\u00e4ftegewinnung in Villingen-Schwenningen! Fachkr\u00e4fte sind entscheidend f\u00fcr die Innovationskraft und Wettbewerbsf\u00e4higkeit unserer Wirtschaft, und somit f\u00fcr den Wohlstand unserer Region. Villingen-Schwenningen bietet eine attraktive Lebens- und Arbeitsumgebung sowie auch Ihrem Internehmen Unterst\u00fctzung bei der Anwerbung von Fachkr\u00e4ften. Investitionen in ein breites Kulturangebot, den Ausbau der Kinderbetreuung und verbesserte \u00f6ffentliche Verkehrsmittel machen die Stadt noch lebenswerter. <\/p>\n\n\n\n<div style=\"height:70px\" aria-hidden=\"true\" class=\"wp-block-spacer\"><\/div>\n<\/div>\n\n\n\n<div class=\"wp-block-group flex-column flex-sm-row is-content-justification-left is-nowrap is-layout-flex wp-container-core-group-layout-14 wp-block-group-is-layout-flex\">\n<p class=\"template-btn me-0 me-lg-3\"><a href=\"https:\/\/www.villingen-schwenningen.de\/wirtschaft-investieren\/unternehmensservice\/fachkraeftegewinnung\/\" target=\"_blank\" rel=\"noreferrer noopener\">Weitere Informationen<\/a><\/p>\n<\/div>\n<\/div>\n\n\t\t<\/div>\n\t<\/div>\n\n\n\n<div class=\"col-12 col-md-5 offset-md-1 order-md-2 order-1\">\n\t\t\t\n\n<figure class=\"wp-block-image size-full translate-right\"><img loading=\"lazy\" decoding=\"async\" width=\"677\" height=\"495\" src=\"https:\/\/locations-vs.gildner.dev\/wir-vs-main\/wp-content\/uploads\/sites\/3\/2024\/02\/Fachkraeftegewinnung.png\" alt=\"Fachkr\u00e4ftegewinnung\" class=\"wp-image-2299\" srcset=\"https:\/\/locations-vs.gildner.dev\/wir-vs-main\/wp-content\/uploads\/sites\/3\/2024\/02\/Fachkraeftegewinnung.png 677w, https:\/\/locations-vs.gildner.dev\/wir-vs-main\/wp-content\/uploads\/sites\/3\/2024\/02\/Fachkraeftegewinnung-300x219.png 300w, https:\/\/locations-vs.gildner.dev\/wir-vs-main\/wp-content\/uploads\/sites\/3\/2024\/02\/Fachkraeftegewinnung-159x116.png 159w\" sizes=\"(max-width: 677px) 100vw, 677px\" \/><\/figure>\n\n\n\n<div style=\"height:50px\" aria-hidden=\"true\" class=\"wp-block-spacer\"><\/div>\n\n\t<\/div>\n\n<\/div>\n\n<\/div>\n\n\n\n<div style=\"height:90px\" aria-hidden=\"true\" class=\"wp-block-spacer\"><\/div>\n<\/section>\n\n\n\n<section id=\"frau-wirtschaft\" class=\"wp-block-group has-gallery-background-color has-background is-layout-constrained wp-block-group-is-layout-constrained\">\n<div style=\"height:90px\" aria-hidden=\"true\" class=\"wp-block-spacer\"><\/div>\n\n\n<div class=\"wp-bootstrap-blocks-container container mb-0\">\n\t\n<div class=\"wp-bootstrap-blocks-row row justify-content-center\">\n\t\n\n<div class=\"col-12 col-md-5 order-md-1 order-2\">\n\t\t\t<div class=\"h-100 d-flex flex-column justify-content-center\">\n\t\t\t\n\n<div class=\"wp-block-group is-layout-constrained wp-block-group-is-layout-constrained\">\n<h2 class=\"wp-block-heading\" id=\"shows\">Frau &amp; Wirtschaft<\/h2>\n\n\n\n<div style=\"height:60px\" aria-hidden=\"true\" class=\"wp-block-spacer reduce-50\"><\/div>\n\n\n\n<div class=\"wp-block-group w-100 w-lg-75 is-layout-constrained wp-block-group-is-layout-constrained\">\n<p>Entdecken Sie das Netzwerk der WirtschaftsFrauen VS! Regelm\u00e4\u00dfig treffen sich Unternehmerinnen und Existenzgr\u00fcnderinnen, um in gem\u00fctlicher Atmosph\u00e4re wertvolle Kontakte zu kn\u00fcpfen. Egal, ob Sie bereits etabliert sind, sich in der Gr\u00fcndungsphase befinden oder als Freiberuflerin t\u00e4tig sind &#8211; hier sind Sie richtig! Beim Netzwerkstammtisch haben Sie die M\u00f6glichkeit, Ihr Gesch\u00e4ftskonzept vorzustellen, sich auszutauschen und voneinander zu profitieren. <\/p>\n\n\n\n<div style=\"height:70px\" aria-hidden=\"true\" class=\"wp-block-spacer\"><\/div>\n<\/div>\n\n\n\n<div class=\"wp-block-group flex-column flex-sm-row is-content-justification-left is-nowrap is-layout-flex wp-container-core-group-layout-18 wp-block-group-is-layout-flex\">\n<p class=\"template-btn me-0 me-lg-3\"><a href=\"https:\/\/www.villingen-schwenningen.de\/wirtschaft-investieren\/unternehmensservice\/frau-und-wirtschaft\/\" target=\"_blank\" rel=\"noreferrer noopener\">Weitere Informationen<\/a><\/p>\n<\/div>\n<\/div>\n\n\t\t<\/div>\n\t<\/div>\n\n\n\n<div class=\"col-12 col-md-5 offset-md-1 order-md-2 order-1\">\n\t\t\t\n\n<figure class=\"wp-block-image size-full translate-right\"><img loading=\"lazy\" decoding=\"async\" width=\"677\" height=\"495\" src=\"https:\/\/locations-vs.gildner.dev\/wir-vs-main\/wp-content\/uploads\/sites\/3\/2024\/02\/Frau-Wirtschaft.png\" alt=\"Frau und Wirtschaft\" class=\"wp-image-2301\" srcset=\"https:\/\/locations-vs.gildner.dev\/wir-vs-main\/wp-content\/uploads\/sites\/3\/2024\/02\/Frau-Wirtschaft.png 677w, https:\/\/locations-vs.gildner.dev\/wir-vs-main\/wp-content\/uploads\/sites\/3\/2024\/02\/Frau-Wirtschaft-300x219.png 300w, https:\/\/locations-vs.gildner.dev\/wir-vs-main\/wp-content\/uploads\/sites\/3\/2024\/02\/Frau-Wirtschaft-159x116.png 159w\" sizes=\"(max-width: 677px) 100vw, 677px\" \/><\/figure>\n\n\n\n<div style=\"height:50px\" aria-hidden=\"true\" class=\"wp-block-spacer\"><\/div>\n\n\t<\/div>\n\n<\/div>\n\n<\/div>\n\n\n\n<div style=\"height:90px\" aria-hidden=\"true\" class=\"wp-block-spacer\"><\/div>\n<\/section>\n\n\n\n<section class=\"wp-block-group mb-5 is-layout-constrained wp-block-group-is-layout-constrained\"><div class=\"wp-bootstrap-blocks-container container mb-2\">\n\t\n<div class=\"wp-bootstrap-blocks-row row\">\n\t\n\n<div class=\"col-12 col-md-6 col-lg-6 col-xl-6\">\n\t\t\t\n\n<p><\/p>\n\n\n\n<div id=\"beratung\" class=\"wp-block-group position-relative rhombus-to-left is-layout-constrained wp-block-group-is-layout-constrained\">\n<div class=\"wp-block-group rhombus_gray is-layout-constrained wp-block-group-is-layout-constrained\"><\/div>\n\n\n\n<div class=\"wp-block-group rhombus_blue is-layout-constrained wp-block-group-is-layout-constrained\"><\/div>\n\n\n\n<figure class=\"wp-block-image size-full rhombus_img\"><img decoding=\"async\" src=\"https:\/\/locations-vs.gildner.dev\/wir-vs-main\/wp-content\/uploads\/sites\/3\/2024\/02\/Wifoeg-Team.png\" alt=\"\" class=\"wp-image-2351\" \/><\/figure>\n<\/div>\n\n\t<\/div>\n\n\n\n<div class=\"col-12 col-md-6 col-lg-6 col-xl-6\">\n\t\t\t<div class=\"h-100 d-flex flex-column justify-content-center\">\n\t\t\t\n\n<div class=\"wp-block-group position-relative z-1 is-layout-constrained wp-block-group-is-layout-constrained\">\n<h2 class=\"wp-block-heading\" id=\"beratung\">BERATEN<br>LASSEN!<\/h2>\n\n\n\n<div style=\"height:75px\" aria-hidden=\"true\" class=\"wp-block-spacer reduce-10\"><\/div>\n\n\n<div class=\"wp-bootstrap-blocks-row row\">\n\t\n\n<div class=\"col-12 col-md-12 col-lg-6\">\n\t\t\t\n\n<p>Sie interessieren sich f\u00fcr die Wirtschaft in VS, das Citymanagement, suchen ein passendes Gewerbegrundst\u00fcck oder ben\u00f6tigen weitere Informationen? Kontaktieren Sie uns!<\/p>\n\n\n\n<div style=\"height:50px\" aria-hidden=\"true\" class=\"wp-block-spacer\"><\/div>\n\n\t<\/div>\n\n\n\n<div class=\"col-12 col-md-12 col-lg-4 offset-lg-2\">\n\t\t\t\n\n<div class=\"wp-block-group justify-content-end is-content-justification-center is-nowrap is-layout-flex wp-container-core-group-layout-24 wp-block-group-is-layout-flex\">\n<p class=\"telefon-icon\"><a href=\"tel:+49 7720 82-1051\">telefon<\/a><\/p>\n\n\n\n<p class=\"email-icon\"><a href=\"mailto:wir@villingen-schwenningen.de\">email<\/a><\/p>\n<\/div>\n\n\t<\/div>\n\n<\/div>\n<\/div>\n\n\t\t<\/div>\n\t<\/div>\n\n<\/div>\n\n<\/div>\n\n\n\n<div style=\"height:100px\" aria-hidden=\"true\" class=\"wp-block-spacer\"><\/div>\n<\/section>\n","protected":false},"excerpt":{"rendered":"","protected":false},"author":1,"featured_media":0,"parent":0,"menu_order":0,"comment_status":"closed","ping_status":"closed","template":"","meta":{"_acf_changed":false,"ub_ctt_via":"","footnotes":""},"acf":[],"featured_image_src":null,"_links":{"self":[{"href":"https:\/\/locations-vs.gildner.dev\/wir-vs-main\/wp-json\/wp\/v2\/pages\/52"}],"collection":[{"href":"https:\/\/locations-vs.gildner.dev\/wir-vs-main\/wp-json\/wp\/v2\/pages"}],"about":[{"href":"https:\/\/locations-vs.gildner.dev\/wir-vs-main\/wp-json\/wp\/v2\/types\/page"}],"author":[{"embeddable":true,"href":"https:\/\/locations-vs.gildner.dev\/wir-vs-main\/wp-json\/wp\/v2\/users\/1"}],"replies":[{"embeddable":true,"href":"https:\/\/locations-vs.gildner.dev\/wir-vs-main\/wp-json\/wp\/v2\/comments?post=52"}],"version-history":[{"count":67,"href":"https:\/\/locations-vs.gildner.dev\/wir-vs-main\/wp-json\/wp\/v2\/pages\/52\/revisions"}],"predecessor-version":[{"id":2490,"href":"https:\/\/locations-vs.gildner.dev\/wir-vs-main\/wp-json\/wp\/v2\/pages\/52\/revisions\/2490"}],"wp:attachment":[{"href":"https:\/\/locations-vs.gildner.dev\/wir-vs-main\/wp-json\/wp\/v2\/media?parent=52"}],"curies":[{"name":"wp","href":"https:\/\/api.w.org\/{rel}","templated":true}]}}