{"id":54,"date":"2023-05-31T07:42:36","date_gmt":"2023-05-31T05:42:36","guid":{"rendered":"https:\/\/locations-vs.gildner.dev\/wir-vs-main\/?page_id=54"},"modified":"2024-03-18T13:51:07","modified_gmt":"2024-03-18T12:51:07","slug":"tourismus","status":"publish","type":"page","link":"https:\/\/locations-vs.gildner.dev\/wir-vs-main\/tourismus\/","title":{"rendered":"Tourismus"},"content":{"rendered":"\r\n<section class=\"unterseite-headline-tpl position-relative background-cyan d-flex align-items-center align-items-lg-end\">\r\n        <div class=\"container mb-5 \">\r\n        <div class=\"row\">\r\n            <div class=\"col-10 col-lg-8 h-lg-100 align-self-end position-relative\">\r\n                                    <h1>Tourismus<br \/>in VS<\/h1>\r\n                            <\/div>\r\n                    <\/div>\r\n    <\/div>\r\n<\/section>\r\n<div class=\"container headline-shortcode-container position-relative\">\r\n    <div class=\"back-btn-container\">\r\n        <div class=\"back-arrow-btn backbtn-button\"><\/div>\r\n        <div class=\"backbtn-button\">\r\n            <div class=\"zurueck-btn\">ZUR\u00dcCK<\/div>\r\n        <\/div>\r\n    <\/div>\r\n    <div class=\"breadcrumb-div\">\r\n        <ul id=\"breadcrumbs\" class=\"breadcrumbs justify-content-center justify-content-md-start \"><li class=\"item-home\"><a class=\"bread-link bread-home\" href=\"https:\/\/locations-vs.gildner.dev\/wir-vs-main\" title=\"Start\">Start<\/a><\/li><li class=\"separator separator-home\">  <\/li><\/ul>    <\/div>\r\n    <\/div>\n\n<div class=\"wp-bootstrap-blocks-container container mb-0 bg-wasserzeichen\">\n\t\n<div class=\"wp-bootstrap-blocks-row row\">\n\t\n\n<div class=\"col-12 col-md-6 Rhombus-background offset-md-1\">\n\t\t\t\n\n<h2 class=\"wp-block-heading has-text-align-left\"><mark class=\"has-inline-color has-cyan-color\">Erlebnisreiches<\/mark> VS <\/h2>\n\n\t<\/div>\n\n\n\n<div class=\"col-12 col-md-3 offset-md-1\">\n\t\t\t\n\n<div style=\"height:200px\" aria-hidden=\"true\" class=\"wp-block-spacer reduce-5\"><\/div>\n\n\n\n<h3 class=\"wp-block-heading has-text-align-left\">Eine Doppelstadt mit jeder Menge Geschichte, Kultur und Natur!<\/h3>\n\n\n\n<p>Am Rande des Mittleren Schwarzwaldes, zwischen Stuttgart und dem Bodensee im Dreil\u00e4ndereck Deutschland &#8211; Frankreich &#8211; Schweiz ist Villingen-Schwenningen der perfekte Ort f\u00fcr einen unvergesslichen St\u00e4dte-Trip in einmaliger Landschaft.<\/p>\n\n\n\n<div style=\"height:120px\" aria-hidden=\"true\" class=\"wp-block-spacer reduce-50\"><\/div>\n\n\n\n<p class=\"template-btn\"><a href=\"https:\/\/www.villingen-schwenningen.de\/tourismus\">mehr erfahren<\/a><\/p>\n\n\n\n<div style=\"height:100px\" aria-hidden=\"true\" class=\"wp-block-spacer\"><\/div>\n\n\t<\/div>\n\n<\/div>\n\n<\/div>\n\n\n\n<section id=\"wandern\" class=\"wp-block-group has-gallery-background-color has-background is-layout-constrained wp-block-group-is-layout-constrained\">\n<div style=\"height:90px\" aria-hidden=\"true\" class=\"wp-block-spacer\"><\/div>\n\n\n<div class=\"wp-bootstrap-blocks-container container mb-0\">\n\t\n<div class=\"wp-bootstrap-blocks-row row justify-content-center\">\n\t\n\n<div class=\"col-12 col-md-5 order-md-1 order-2\">\n\t\t\t<div class=\"h-100 d-flex flex-column justify-content-center\">\n\t\t\t\n\n<div class=\"wp-block-group is-layout-constrained wp-block-group-is-layout-constrained\">\n<h2 class=\"wp-block-heading\" id=\"tagungen\">Wandern<\/h2>\n\n\n\n<div style=\"height:60px\" aria-hidden=\"true\" class=\"wp-block-spacer reduce-50\"><\/div>\n\n\n\n<div class=\"wp-block-group w-100 w-lg-75 is-layout-constrained wp-block-group-is-layout-constrained\">\n<p>Entdecken Sie Villingen-Schwenningen als Ihren perfekten Ausgangspunkt f\u00fcr unvergessliche Wandererlebnisse! Mit \u00fcber 200 Kilometern markierter Wanderwege bietet die Region im Schwarzwald eine atemberaubende Naturlandschaft, welche Sie in ihren Bann ziehen wird. Egal, ob Sie sich f\u00fcr gem\u00fctliche Spazierg\u00e4nge oder anspruchsvolle Wanderrouten begeistern &#8211; in Villingen-Schwenningen finden Sie das perfekte Terrain f\u00fcr Ihre Abenteuerlust.<\/p>\n\n\n\n<div style=\"height:70px\" aria-hidden=\"true\" class=\"wp-block-spacer\"><\/div>\n<\/div>\n\n\n\n<div class=\"wp-block-group flex-column flex-sm-row is-content-justification-left is-nowrap is-layout-flex wp-container-core-group-layout-2 wp-block-group-is-layout-flex\">\n<p class=\"template-btn me-0 me-lg-3\"><a href=\"https:\/\/www.villingen-schwenningen.de\/tourismus-freizeit\/freizeit-erholung\/wandern-wald\/\" target=\"_blank\" rel=\"noreferrer noopener\">Weitere Informationen<\/a><\/p>\n<\/div>\n<\/div>\n\n\t\t<\/div>\n\t<\/div>\n\n\n\n<div class=\"col-12 col-md-5 offset-md-1 order-md-2 order-1\">\n\t\t\t\n\n<figure class=\"wp-block-image size-full translate-right\"><img loading=\"lazy\" decoding=\"async\" width=\"677\" height=\"495\" src=\"https:\/\/locations-vs.gildner.dev\/wir-vs-main\/wp-content\/uploads\/sites\/3\/2024\/03\/Wandern.png\" alt=\"Wandern Villingen-Schwenningen\" class=\"wp-image-2477\" srcset=\"https:\/\/locations-vs.gildner.dev\/wir-vs-main\/wp-content\/uploads\/sites\/3\/2024\/03\/Wandern.png 677w, https:\/\/locations-vs.gildner.dev\/wir-vs-main\/wp-content\/uploads\/sites\/3\/2024\/03\/Wandern-300x219.png 300w, https:\/\/locations-vs.gildner.dev\/wir-vs-main\/wp-content\/uploads\/sites\/3\/2024\/03\/Wandern-159x116.png 159w\" sizes=\"(max-width: 677px) 100vw, 677px\" \/><\/figure>\n\n\n\n<div style=\"height:50px\" aria-hidden=\"true\" class=\"wp-block-spacer\"><\/div>\n\n\t<\/div>\n\n<\/div>\n\n<\/div>\n\n\n\n<div style=\"height:90px\" aria-hidden=\"true\" class=\"wp-block-spacer\"><\/div>\n<\/section>\n\n\n\n<section id=\"radfahren\" class=\"wp-block-group is-layout-constrained wp-block-group-is-layout-constrained\">\n<div style=\"height:90px\" aria-hidden=\"true\" class=\"wp-block-spacer\"><\/div>\n\n\n<div class=\"wp-bootstrap-blocks-container container mb-0\">\n\t\n<div class=\"wp-bootstrap-blocks-row row justify-content-center\">\n\t\n\n<div class=\"col-12 col-md-5 order-md-1 order-2\">\n\t\t\t<div class=\"h-100 d-flex flex-column justify-content-center\">\n\t\t\t\n\n<div class=\"wp-block-group is-layout-constrained wp-block-group-is-layout-constrained\">\n<h2 class=\"wp-block-heading\" id=\"tagungen\">Radfahren<\/h2>\n\n\n\n<div style=\"height:60px\" aria-hidden=\"true\" class=\"wp-block-spacer reduce-50\"><\/div>\n\n\n\n<div class=\"wp-block-group w-100 w-lg-75 is-layout-constrained wp-block-group-is-layout-constrained\">\n<p>Fahrradfahren bietet nicht nur eine gro\u00dfartige M\u00f6glichkeit, frische Luft zu schnappen und die Natur zu erkunden, sondern es hilft auch, Ihre Ausdauer zu verbessern. Genie\u00dfen Sie die verkehrsarmen Stra\u00dfen und ruhigen Wege, w\u00e4hrend Sie in Ihrem eigenen Tempo durch Villingen-Schwenningen und die malerische Landschaft radeln. Ob Sie \u00fcber idyllische Radwege rollen oder sich auf herausfordernde Strecken begeben m\u00f6chten &#8211; die Entscheidung liegt ganz bei Ihnen. <\/p>\n\n\n\n<div style=\"height:70px\" aria-hidden=\"true\" class=\"wp-block-spacer\"><\/div>\n<\/div>\n\n\n\n<div class=\"wp-block-group flex-column flex-sm-row is-content-justification-left is-nowrap is-layout-flex wp-container-core-group-layout-6 wp-block-group-is-layout-flex\">\n<p class=\"template-btn me-0 me-lg-3\"><a href=\"https:\/\/www.villingen-schwenningen.de\/tourismus-freizeit\/freizeit-erholung\/radfahren\/\" target=\"_blank\" rel=\"noreferrer noopener\">Weitere Informationen<\/a><\/p>\n<\/div>\n<\/div>\n\n\t\t<\/div>\n\t<\/div>\n\n\n\n<div class=\"col-12 col-md-5 offset-md-1 order-md-2 order-1\">\n\t\t\t\n\n<figure class=\"wp-block-image size-full translate-right\"><img loading=\"lazy\" decoding=\"async\" width=\"677\" height=\"495\" src=\"https:\/\/locations-vs.gildner.dev\/wir-vs-main\/wp-content\/uploads\/sites\/3\/2024\/03\/Radfahren-2-Unterseiten.png\" alt=\"Radfahren Neckarquelle\" class=\"wp-image-2472\" srcset=\"https:\/\/locations-vs.gildner.dev\/wir-vs-main\/wp-content\/uploads\/sites\/3\/2024\/03\/Radfahren-2-Unterseiten.png 677w, https:\/\/locations-vs.gildner.dev\/wir-vs-main\/wp-content\/uploads\/sites\/3\/2024\/03\/Radfahren-2-Unterseiten-300x219.png 300w, https:\/\/locations-vs.gildner.dev\/wir-vs-main\/wp-content\/uploads\/sites\/3\/2024\/03\/Radfahren-2-Unterseiten-159x116.png 159w\" sizes=\"(max-width: 677px) 100vw, 677px\" \/><\/figure>\n\n\n\n<div style=\"height:50px\" aria-hidden=\"true\" class=\"wp-block-spacer\"><\/div>\n\n\t<\/div>\n\n<\/div>\n\n<\/div>\n\n\n\n<div style=\"height:90px\" aria-hidden=\"true\" class=\"wp-block-spacer\"><\/div>\n<\/section>\n\n\n\n<section id=\"sehenswuerdigkeiten\" class=\"wp-block-group has-gallery-background-color has-background is-layout-constrained wp-block-group-is-layout-constrained\">\n<div style=\"height:90px\" aria-hidden=\"true\" class=\"wp-block-spacer\"><\/div>\n\n\n<div class=\"wp-bootstrap-blocks-container container mb-0\">\n\t\n<div class=\"wp-bootstrap-blocks-row row justify-content-center\">\n\t\n\n<div class=\"col-12 col-md-5 order-md-1 order-2\">\n\t\t\t<div class=\"h-100 d-flex flex-column justify-content-center\">\n\t\t\t\n\n<div class=\"wp-block-group is-layout-constrained wp-block-group-is-layout-constrained\">\n<h2 class=\"wp-block-heading\" id=\"tagungen\">Sehensw\u00fcrdigkeiten<\/h2>\n\n\n\n<div style=\"height:60px\" aria-hidden=\"true\" class=\"wp-block-spacer reduce-50\"><\/div>\n\n\n\n<div class=\"wp-block-group w-100 w-lg-75 is-layout-constrained wp-block-group-is-layout-constrained\">\n<p><br>Entdecken Sie die faszinierenden Sehensw\u00fcrdigkeiten von Villingen und Schwenningen! Unsere Doppelstadt bietet eine reiche Geschichte, malerische Architektur und vielf\u00e4ltige Attraktionen f\u00fcr Besucher jeden Alters. In Villingen k\u00f6nnen Sie die mittelalterliche Stadtmauer, das imposante M\u00fcnster und das Franziskanermuseum erkunden. Schwenningen lockt mit dem Uhrenindustriemuseum und dem Schwenninger Moos f\u00fcr entspannte Spazierg\u00e4nge.<\/p>\n\n\n\n<div style=\"height:70px\" aria-hidden=\"true\" class=\"wp-block-spacer\"><\/div>\n<\/div>\n\n\n\n<div class=\"wp-block-group flex-column flex-sm-row is-content-justification-left is-nowrap is-layout-flex wp-container-core-group-layout-10 wp-block-group-is-layout-flex\">\n<p class=\"template-btn me-0 me-lg-3\"><a href=\"https:\/\/www.villingen-schwenningen.de\/tourismus-erleben\/vs-erleben\/sehenswuerdigkeiten\/\" target=\"_blank\" rel=\"noreferrer noopener\">Weitere Informationen<\/a><\/p>\n<\/div>\n<\/div>\n\n\t\t<\/div>\n\t<\/div>\n\n\n\n<div class=\"col-12 col-md-5 offset-md-1 order-md-2 order-1\">\n\t\t\t\n\n<figure class=\"wp-block-image size-full translate-right\"><img loading=\"lazy\" decoding=\"async\" width=\"677\" height=\"495\" src=\"https:\/\/locations-vs.gildner.dev\/wir-vs-main\/wp-content\/uploads\/sites\/3\/2024\/02\/Sehenswuerdigkeiten.png\" alt=\"Sehensw\u00fcrdigkeiten\" class=\"wp-image-2315\" srcset=\"https:\/\/locations-vs.gildner.dev\/wir-vs-main\/wp-content\/uploads\/sites\/3\/2024\/02\/Sehenswuerdigkeiten.png 677w, https:\/\/locations-vs.gildner.dev\/wir-vs-main\/wp-content\/uploads\/sites\/3\/2024\/02\/Sehenswuerdigkeiten-300x219.png 300w, https:\/\/locations-vs.gildner.dev\/wir-vs-main\/wp-content\/uploads\/sites\/3\/2024\/02\/Sehenswuerdigkeiten-159x116.png 159w\" sizes=\"(max-width: 677px) 100vw, 677px\" \/><\/figure>\n\n\n\n<div style=\"height:50px\" aria-hidden=\"true\" class=\"wp-block-spacer\"><\/div>\n\n\t<\/div>\n\n<\/div>\n\n<\/div>\n\n\n\n<div style=\"height:90px\" aria-hidden=\"true\" class=\"wp-block-spacer\"><\/div>\n<\/section>\n\n\n\n<section id=\"stadtfuehrungen\" class=\"wp-block-group is-layout-constrained wp-block-group-is-layout-constrained\">\n<div style=\"height:90px\" aria-hidden=\"true\" class=\"wp-block-spacer\"><\/div>\n\n\n<div class=\"wp-bootstrap-blocks-container container mb-0\">\n\t\n<div class=\"wp-bootstrap-blocks-row row justify-content-center\">\n\t\n\n<div class=\"col-12 col-md-5 order-md-1 order-2\">\n\t\t\t<div class=\"h-100 d-flex flex-column justify-content-center\">\n\t\t\t\n\n<div class=\"wp-block-group is-layout-constrained wp-block-group-is-layout-constrained\">\n<h2 class=\"wp-block-heading\" id=\"tagungen\">Stadtf\u00fchrungen<\/h2>\n\n\n\n<div style=\"height:60px\" aria-hidden=\"true\" class=\"wp-block-spacer reduce-50\"><\/div>\n\n\n\n<div class=\"wp-block-group w-100 w-lg-75 is-layout-constrained wp-block-group-is-layout-constrained\">\n<p>Tauchen Sie ein in die faszinierende Geschichte und Kultur von Villingen-Schwenningen und erleben Sie unvergessliche Momente mit unseren Stadtf\u00fchrungen! Von historischen F\u00fchrungen durch die malerischen Gassen von Villingen bis hin zu Themenf\u00fchrungen, die Einblicke in die Uhrenindustrie oder die mittelalterliche Architektur bieten, ist f\u00fcr jeden Geschmack etwas dabei. <\/p>\n\n\n\n<div style=\"height:70px\" aria-hidden=\"true\" class=\"wp-block-spacer\"><\/div>\n<\/div>\n\n\n\n<div class=\"wp-block-group flex-column flex-sm-row is-content-justification-left is-nowrap is-layout-flex wp-container-core-group-layout-14 wp-block-group-is-layout-flex\">\n<p class=\"template-btn me-0 me-lg-3\"><a href=\"https:\/\/www.villingen-schwenningen.de\/tourismus-erleben\/vs-erleben\/stadtfuehrungen\/\" target=\"_blank\" rel=\"noreferrer noopener\">Weitere Informationen<\/a><\/p>\n<\/div>\n<\/div>\n\n\t\t<\/div>\n\t<\/div>\n\n\n\n<div class=\"col-12 col-md-5 offset-md-1 order-md-2 order-1\">\n\t\t\t\n\n<figure class=\"wp-block-image size-full translate-right\"><img loading=\"lazy\" decoding=\"async\" width=\"677\" height=\"495\" src=\"https:\/\/locations-vs.gildner.dev\/wir-vs-main\/wp-content\/uploads\/sites\/3\/2024\/02\/Stadtfuehrungen.png\" alt=\"Stadtf\u00fchrungen\" class=\"wp-image-2316\" srcset=\"https:\/\/locations-vs.gildner.dev\/wir-vs-main\/wp-content\/uploads\/sites\/3\/2024\/02\/Stadtfuehrungen.png 677w, https:\/\/locations-vs.gildner.dev\/wir-vs-main\/wp-content\/uploads\/sites\/3\/2024\/02\/Stadtfuehrungen-300x219.png 300w, https:\/\/locations-vs.gildner.dev\/wir-vs-main\/wp-content\/uploads\/sites\/3\/2024\/02\/Stadtfuehrungen-159x116.png 159w\" sizes=\"(max-width: 677px) 100vw, 677px\" \/><\/figure>\n\n\n\n<div style=\"height:50px\" aria-hidden=\"true\" class=\"wp-block-spacer\"><\/div>\n\n\t<\/div>\n\n<\/div>\n\n<\/div>\n\n\n\n<div style=\"height:90px\" aria-hidden=\"true\" class=\"wp-block-spacer\"><\/div>\n\n\n\n<section id=\"stadtfuehrungen\" class=\"wp-block-group is-layout-constrained wp-block-group-is-layout-constrained\">\n<div style=\"height:90px\" aria-hidden=\"true\" class=\"wp-block-spacer\"><\/div>\n\n\n<div class=\"wp-bootstrap-blocks-container container mb-0\">\n\t<\/div>\n\n\n\n<div style=\"height:90px\" aria-hidden=\"true\" class=\"wp-block-spacer\"><\/div>\n<\/section>\n<\/section>\n\n\n\n<section class=\"wp-block-group mb-5 is-layout-constrained wp-block-group-is-layout-constrained\"><div class=\"wp-bootstrap-blocks-container container mb-2\">\n\t\n<div class=\"wp-bootstrap-blocks-row row\">\n\t\n\n<div class=\"col-12 col-md-6 col-lg-6 col-xl-6\">\n\t\t\t\n\n<p><\/p>\n\n\n\n<div id=\"beratung\" class=\"wp-block-group position-relative rhombus-to-left is-layout-constrained wp-block-group-is-layout-constrained\">\n<div class=\"wp-block-group rhombus_gray is-layout-constrained wp-block-group-is-layout-constrained\"><\/div>\n\n\n\n<div class=\"wp-block-group rhombus_blue is-layout-constrained wp-block-group-is-layout-constrained\"><\/div>\n\n\n\n<figure class=\"wp-block-image size-full rhombus_img\"><img decoding=\"async\" src=\"https:\/\/locations-vs.gildner.dev\/wir-vs-main\/wp-content\/uploads\/sites\/3\/2024\/02\/Wifoeg-Team.png\" alt=\"\" class=\"wp-image-2351\" \/><\/figure>\n<\/div>\n\n\t<\/div>\n\n\n\n<div class=\"col-12 col-md-6 col-lg-6 col-xl-6\">\n\t\t\t<div class=\"h-100 d-flex flex-column justify-content-center\">\n\t\t\t\n\n<div class=\"wp-block-group position-relative z-1 is-layout-constrained wp-block-group-is-layout-constrained\">\n<h2 class=\"wp-block-heading\" id=\"beratung\">BERATEN<br>LASSEN!<\/h2>\n\n\n\n<div style=\"height:75px\" aria-hidden=\"true\" class=\"wp-block-spacer reduce-10\"><\/div>\n\n\n<div class=\"wp-bootstrap-blocks-row row\">\n\t\n\n<div class=\"col-12 col-md-12 col-lg-6\">\n\t\t\t\n\n<p>Sie interessieren sich f\u00fcr touristische Angebote, Gruppenreisen, Themenf\u00fchrungen oder ben\u00f6tigen weitere Informationen? Kontaktieren Sie uns!<\/p>\n\n\n\n<div style=\"height:50px\" aria-hidden=\"true\" class=\"wp-block-spacer\"><\/div>\n\n\t<\/div>\n\n\n\n<div class=\"col-12 col-md-12 col-lg-4 offset-lg-2\">\n\t\t\t\n\n<div class=\"wp-block-group justify-content-end is-content-justification-center is-nowrap is-layout-flex wp-container-core-group-layout-21 wp-block-group-is-layout-flex\">\n<p class=\"telefon-icon\"><a href=\"tel:07721822340\">telefon<\/a><\/p>\n\n\n\n<p class=\"email-icon\"><a href=\"mailto:tourist-info@villingen-schwenningen.de\">email<\/a><\/p>\n<\/div>\n\n\t<\/div>\n\n<\/div>\n<\/div>\n\n\t\t<\/div>\n\t<\/div>\n\n<\/div>\n\n<\/div>\n\n\n\n<div style=\"height:100px\" aria-hidden=\"true\" class=\"wp-block-spacer\"><\/div>\n<\/section>\n","protected":false},"excerpt":{"rendered":"","protected":false},"author":1,"featured_media":0,"parent":0,"menu_order":0,"comment_status":"closed","ping_status":"closed","template":"","meta":{"_acf_changed":false,"ub_ctt_via":"","footnotes":""},"acf":[],"featured_image_src":null,"_links":{"self":[{"href":"https:\/\/locations-vs.gildner.dev\/wir-vs-main\/wp-json\/wp\/v2\/pages\/54"}],"collection":[{"href":"https:\/\/locations-vs.gildner.dev\/wir-vs-main\/wp-json\/wp\/v2\/pages"}],"about":[{"href":"https:\/\/locations-vs.gildner.dev\/wir-vs-main\/wp-json\/wp\/v2\/types\/page"}],"author":[{"embeddable":true,"href":"https:\/\/locations-vs.gildner.dev\/wir-vs-main\/wp-json\/wp\/v2\/users\/1"}],"replies":[{"embeddable":true,"href":"https:\/\/locations-vs.gildner.dev\/wir-vs-main\/wp-json\/wp\/v2\/comments?post=54"}],"version-history":[{"count":160,"href":"https:\/\/locations-vs.gildner.dev\/wir-vs-main\/wp-json\/wp\/v2\/pages\/54\/revisions"}],"predecessor-version":[{"id":2501,"href":"https:\/\/locations-vs.gildner.dev\/wir-vs-main\/wp-json\/wp\/v2\/pages\/54\/revisions\/2501"}],"wp:attachment":[{"href":"https:\/\/locations-vs.gildner.dev\/wir-vs-main\/wp-json\/wp\/v2\/media?parent=54"}],"curies":[{"name":"wp","href":"https:\/\/api.w.org\/{rel}","templated":true}]}}